{"id":3299,"date":"2026-03-15T14:23:50","date_gmt":"2026-03-15T13:23:50","guid":{"rendered":"https:\/\/www.repulonapok.hu\/?page_id=3299"},"modified":"2026-03-26T19:48:16","modified_gmt":"2026-03-26T18:48:16","slug":"100-eves-a-sved-kiralyi-legiero","status":"publish","type":"page","link":"https:\/\/www.repulonapok.hu\/?page_id=3299","title":{"rendered":"100 \u00e9ves a SV\u00c9D KIR\u00c1LYI L\u00c9GIER\u0150"},"content":{"rendered":"\n<p><strong>MALMEN AIRBASE LINK\u00d6PING, SV\u00c9DORSZ\u00c1G<\/strong><\/p>\n\n\n\n<figure class=\"wp-block-table\"><table><tbody><tr><td colspan=\"2\"><strong>Id\u0151pont&nbsp;&nbsp;&nbsp; :&nbsp;<\/strong><\/td><td colspan=\"3\">2026.08.19-24.<\/td><td><strong>&nbsp;<\/strong><\/td><td colspan=\"2\"><strong>Poz. sz\u00e1m:<\/strong><\/td><td>26\/RSV\/06<\/td><\/tr><tr><td><strong>\u00a0Utaz\u00e1s:<\/strong><\/td><td colspan=\"8\">\u00a0 Budapest \u2013 Stockholm \u2013 Budapest rep\u00fcl\u0151g\u00e9ppel, Sv\u00e9dorsz\u00e1gban 9 f\u0151s kisbuszokkal<\/td><\/tr><tr><td colspan=\"3\"><strong>Sz\u00e1ll\u00e1s, elhelyez\u00e9s :<\/strong><\/td><td colspan=\"6\">2+1 \u00e9j Stockholm mellett, hotelben, 2-3 \u00e1gyas szob\u00e1kban, 2 \u00e9j Norrk\u00f6ping, ifj\u00fas\u00e1gi sz\u00e1ll\u00f3, 2-3 \u00e1gyas szob\u00e1kban, k\u00f6z\u00f6s zuhanyz\u00f3val&nbsp;&nbsp;&nbsp;&nbsp;&nbsp;&nbsp;&nbsp;&nbsp;&nbsp;&nbsp;&nbsp;&nbsp;&nbsp;&nbsp;&nbsp;&nbsp; <strong>Ell\u00e1t\u00e1s:<\/strong> reggeli<\/td><\/tr><tr><td colspan=\"2\"><strong>Id\u0151tartam:&nbsp;&nbsp;<\/strong><\/td><td colspan=\"2\">6 nap \/ 5 \u00e9jszaka<\/td><td colspan=\"3\"><strong>Idegenvezet\u00e9s:&nbsp;&nbsp;&nbsp;<\/strong><\/td><td colspan=\"2\">csoportk\u00eds\u00e9r\u0151<\/td><\/tr><\/tbody><\/table><\/figure>\n\n\n\n<p><strong><u>PROGRAM:<\/u><\/strong><\/p>\n\n\n\n<p><strong>1.nap: 2026.08.19. szerda<\/strong><\/p>\n\n\n\n<p><strong>Utaz\u00e1s a Budapest, Liszt Ferenc rep\u00fcl\u0151t\u00e9rr\u0151l Stockholmba<\/strong><strong><\/strong><\/p>\n\n\n\n<p>(Figyelem! az indul\u00e1st minden kedves utasunknak egy\u00e9nileg kell megoldania!!)<\/p>\n\n\n\n<p>A WIZZ AIR j\u00e1rata (a program meg\u00edr\u00e1sa napj\u00e1n, de ez v\u00e1ltozhat) 13:10-kor indul, teh\u00e1t legk\u00e9s\u0151bb 11:10-kor m\u00e1r kint kell lenni a rep\u00fcl\u0151t\u00e9ren.<\/p>\n\n\n\n<p>D\u00e9lut\u00e1n f\u00e9l 4-t\u0151l m\u00e1r v\u00e1rjuk utasainkat a stockholmi Arlanda rep\u00fcl\u0151t\u00e9ren, mikrobuszokkal \u00e9s magyar szem\u00e9lyzettel. \u00c9rkez\u00e9s ut\u00e1n stockholmi k\u00f6rny\u00e9ki sz\u00e1ll\u00e1shely\u00fcnkre hajtunk. (kb 50 km)<\/p>\n\n\n\n<p><strong>2. nap: 2026.08.20. cs\u00fct\u00f6rt\u00f6k<\/strong><\/p>\n\n\n\n<figure class=\"wp-block-image size-full\"><a href=\"https:\/\/www.repulonapok.hu\/wp-content\/uploads\/2026\/03\/STOCKHOLM.jpg\"><img loading=\"lazy\" decoding=\"async\" width=\"1000\" height=\"563\" src=\"https:\/\/www.repulonapok.hu\/wp-content\/uploads\/2026\/03\/STOCKHOLM.jpg\" alt=\"\" class=\"wp-image-3300\" srcset=\"https:\/\/www.repulonapok.hu\/wp-content\/uploads\/2026\/03\/STOCKHOLM.jpg 1000w, https:\/\/www.repulonapok.hu\/wp-content\/uploads\/2026\/03\/STOCKHOLM-300x169.jpg 300w, https:\/\/www.repulonapok.hu\/wp-content\/uploads\/2026\/03\/STOCKHOLM-768x432.jpg 768w\" sizes=\"(max-width: 1000px) 100vw, 1000px\" \/><\/a><\/figure>\n\n\n\n<p>Ezt a napot Stockholmban t\u00f6ltj\u00fck, v\u00e1rosn\u00e9z\u00e9ssel, s\u00e9t\u00e1val, szabadid\u0151vel.<\/p>\n\n\n\n<p>Aj\u00e1nlott l\u00e1tnival\u00f3: Tudom\u00e1nyos \u00e9s Technol\u00f3giai M\u00fazeum.<\/p>\n\n\n\n<figure class=\"wp-block-image size-large\"><a href=\"https:\/\/www.repulonapok.hu\/wp-content\/uploads\/2026\/03\/Vasa-museum.jpg\"><img loading=\"lazy\" decoding=\"async\" width=\"1024\" height=\"538\" src=\"https:\/\/www.repulonapok.hu\/wp-content\/uploads\/2026\/03\/Vasa-museum-1024x538.jpg\" alt=\"\" class=\"wp-image-3301\" srcset=\"https:\/\/www.repulonapok.hu\/wp-content\/uploads\/2026\/03\/Vasa-museum-1024x538.jpg 1024w, https:\/\/www.repulonapok.hu\/wp-content\/uploads\/2026\/03\/Vasa-museum-300x158.jpg 300w, https:\/\/www.repulonapok.hu\/wp-content\/uploads\/2026\/03\/Vasa-museum-768x403.jpg 768w, https:\/\/www.repulonapok.hu\/wp-content\/uploads\/2026\/03\/Vasa-museum.jpg 1200w\" sizes=\"(max-width: 1024px) 100vw, 1024px\" \/><\/a><\/figure>\n\n\n\n<p>Sz\u00e1ll\u00e1sunk Stockholm k\u00f6rny\u00e9k\u00e9n lesz.<strong><\/strong><\/p>\n\n\n\n<p><strong>3. nap: 2026.08.21. p\u00e9ntek<\/strong><\/p>\n\n\n\n<p>&nbsp;&nbsp;&nbsp;&nbsp;&nbsp;&nbsp;&nbsp;&nbsp;&nbsp; Ezen a napon Stockholmb\u00f3l Link\u00f6pingbe utazunk. (kb 250 km) \u00datk\u00f6zben megn\u00e9z\u00fcnk 2 rep\u00fcl\u0151g\u00e9p m\u00fazeumot:<\/p>\n\n\n\n<p>&nbsp;&nbsp;&nbsp;&nbsp;&nbsp;&nbsp;&nbsp;&nbsp;&nbsp; d\u00e9lel\u0151tt: F11 M\u00fazeum, Nyk\u00f6ping<\/p>\n\n\n\n<figure class=\"wp-block-image size-large\"><a href=\"https:\/\/www.repulonapok.hu\/wp-content\/uploads\/2026\/03\/F11-museum.jpg\"><img loading=\"lazy\" decoding=\"async\" width=\"1024\" height=\"256\" src=\"https:\/\/www.repulonapok.hu\/wp-content\/uploads\/2026\/03\/F11-museum-1024x256.jpg\" alt=\"\" class=\"wp-image-3302\" srcset=\"https:\/\/www.repulonapok.hu\/wp-content\/uploads\/2026\/03\/F11-museum-1024x256.jpg 1024w, https:\/\/www.repulonapok.hu\/wp-content\/uploads\/2026\/03\/F11-museum-300x75.jpg 300w, https:\/\/www.repulonapok.hu\/wp-content\/uploads\/2026\/03\/F11-museum-768x192.jpg 768w, https:\/\/www.repulonapok.hu\/wp-content\/uploads\/2026\/03\/F11-museum-1536x384.jpg 1536w, https:\/\/www.repulonapok.hu\/wp-content\/uploads\/2026\/03\/F11-museum.jpg 1900w\" sizes=\"(max-width: 1024px) 100vw, 1024px\" \/><\/a><\/figure>\n\n\n\n<p>&nbsp;&nbsp;&nbsp;&nbsp;&nbsp;&nbsp;&nbsp;&nbsp;&nbsp; d\u00e9lut\u00e1n: a Sv\u00e9d L\u00e9gier\u0151 M\u00fazeuma, Link\u00f6ping<\/p>\n\n\n\n<figure class=\"wp-block-image size-large\"><a href=\"https:\/\/www.repulonapok.hu\/wp-content\/uploads\/2026\/03\/Linkoping.jpg\"><img loading=\"lazy\" decoding=\"async\" width=\"1024\" height=\"539\" src=\"https:\/\/www.repulonapok.hu\/wp-content\/uploads\/2026\/03\/Linkoping-1024x539.jpg\" alt=\"\" class=\"wp-image-3303\" srcset=\"https:\/\/www.repulonapok.hu\/wp-content\/uploads\/2026\/03\/Linkoping-1024x539.jpg 1024w, https:\/\/www.repulonapok.hu\/wp-content\/uploads\/2026\/03\/Linkoping-300x158.jpg 300w, https:\/\/www.repulonapok.hu\/wp-content\/uploads\/2026\/03\/Linkoping-768x404.jpg 768w, https:\/\/www.repulonapok.hu\/wp-content\/uploads\/2026\/03\/Linkoping-1536x808.jpg 1536w, https:\/\/www.repulonapok.hu\/wp-content\/uploads\/2026\/03\/Linkoping.jpg 1900w\" sizes=\"(max-width: 1024px) 100vw, 1024px\" \/><\/a><\/figure>\n\n\n\n<p>&nbsp;&nbsp;&nbsp;&nbsp;&nbsp;&nbsp;&nbsp;&nbsp;&nbsp; Sz\u00e1ll\u00e1sunk Norrk\u00f6pingben lesz.<\/p>\n\n\n\n<figure class=\"wp-block-image size-large\"><a href=\"https:\/\/www.repulonapok.hu\/wp-content\/uploads\/2026\/03\/norrkoping-things-to-do.jpg\"><img loading=\"lazy\" decoding=\"async\" width=\"1024\" height=\"681\" src=\"https:\/\/www.repulonapok.hu\/wp-content\/uploads\/2026\/03\/norrkoping-things-to-do-1024x681.jpg\" alt=\"\" class=\"wp-image-3304\" srcset=\"https:\/\/www.repulonapok.hu\/wp-content\/uploads\/2026\/03\/norrkoping-things-to-do-1024x681.jpg 1024w, https:\/\/www.repulonapok.hu\/wp-content\/uploads\/2026\/03\/norrkoping-things-to-do-300x200.jpg 300w, https:\/\/www.repulonapok.hu\/wp-content\/uploads\/2026\/03\/norrkoping-things-to-do-768x511.jpg 768w, https:\/\/www.repulonapok.hu\/wp-content\/uploads\/2026\/03\/norrkoping-things-to-do.jpg 1200w\" sizes=\"(max-width: 1024px) 100vw, 1024px\" \/><\/a><\/figure>\n\n\n\n<p><strong>4. nap: 2026.08.22. szombat<\/strong><\/p>\n\n\n\n<p>&nbsp;&nbsp;&nbsp;&nbsp;&nbsp;&nbsp;&nbsp;&nbsp;&nbsp; Korai reggeli ut\u00e1n indulunk a MALMEN l\u00e9gib\u00e1zisra. Itt ker\u00fcl megrendez\u00e9sre a Sv\u00e9d Kir\u00e1lyi L\u00e9gier\u0151 sz\u00fclet\u00e9s\u00e9nek 100. \u00e9vfordul\u00f3j\u00e1ra rendezett nagyszab\u00e1s\u00fa rep\u00fcl\u0151nap. Az eg\u00e9sz napot a rendezv\u00e9nyen t\u00f6ltj\u00fck. (bel\u00e9p\u0151: el\u0151zetes t\u00e1j\u00e9koztat\u00f3 szerint ingyenes)<\/p>\n\n\n\n<figure class=\"wp-block-image size-large\"><a href=\"https:\/\/www.repulonapok.hu\/wp-content\/uploads\/2026\/03\/sved-legiero-2.jpg\"><img loading=\"lazy\" decoding=\"async\" width=\"1024\" height=\"681\" src=\"https:\/\/www.repulonapok.hu\/wp-content\/uploads\/2026\/03\/sved-legiero-2-1024x681.jpg\" alt=\"\" class=\"wp-image-3305\" srcset=\"https:\/\/www.repulonapok.hu\/wp-content\/uploads\/2026\/03\/sved-legiero-2-1024x681.jpg 1024w, https:\/\/www.repulonapok.hu\/wp-content\/uploads\/2026\/03\/sved-legiero-2-300x199.jpg 300w, https:\/\/www.repulonapok.hu\/wp-content\/uploads\/2026\/03\/sved-legiero-2-768x510.jpg 768w, https:\/\/www.repulonapok.hu\/wp-content\/uploads\/2026\/03\/sved-legiero-2.jpg 1440w\" sizes=\"(max-width: 1024px) 100vw, 1024px\" \/><\/a><\/figure>\n\n\n\n<p><strong>&nbsp;&nbsp;&nbsp;&nbsp;&nbsp; <\/strong>Sz\u00e1ll\u00e1sunk Norrk\u00f6pingben lesz.<strong><\/strong><\/p>\n\n\n\n<p><strong>5. nap: 2026.08.23. vas\u00e1rnap<\/strong><\/p>\n\n\n\n<p>&nbsp;&nbsp;&nbsp;&nbsp;&nbsp;&nbsp;&nbsp;&nbsp;&nbsp; Program az el\u0151z\u0151 napiak szerint, a szombati tapasztalatok alapj\u00e1n, lehets\u00e9ges kisebb v\u00e1ltoztat\u00e1sokkal.<\/p>\n\n\n\n<figure class=\"wp-block-image size-large\"><a href=\"https:\/\/www.repulonapok.hu\/wp-content\/uploads\/2026\/03\/100-eves-a-sved-repules-1.jpg\"><img loading=\"lazy\" decoding=\"async\" width=\"1024\" height=\"536\" src=\"https:\/\/www.repulonapok.hu\/wp-content\/uploads\/2026\/03\/100-eves-a-sved-repules-1-1024x536.jpg\" alt=\"\" class=\"wp-image-3306\" srcset=\"https:\/\/www.repulonapok.hu\/wp-content\/uploads\/2026\/03\/100-eves-a-sved-repules-1-1024x536.jpg 1024w, https:\/\/www.repulonapok.hu\/wp-content\/uploads\/2026\/03\/100-eves-a-sved-repules-1-300x157.jpg 300w, https:\/\/www.repulonapok.hu\/wp-content\/uploads\/2026\/03\/100-eves-a-sved-repules-1-768x402.jpg 768w, https:\/\/www.repulonapok.hu\/wp-content\/uploads\/2026\/03\/100-eves-a-sved-repules-1-1536x804.jpg 1536w, https:\/\/www.repulonapok.hu\/wp-content\/uploads\/2026\/03\/100-eves-a-sved-repules-1.jpg 2048w\" sizes=\"(max-width: 1024px) 100vw, 1024px\" \/><\/a><\/figure>\n\n\n\n<p>&nbsp;&nbsp;&nbsp;&nbsp;&nbsp;&nbsp;&nbsp;&nbsp;&nbsp; k\u00e9s\u0151 d\u00e9lut\u00e1n indul\u00e1s Stockolm fel\u00e9. Sz\u00e1ll\u00e1sunk Stockholm k\u00f6rny\u00e9k\u00e9n lesz.<strong><\/strong><\/p>\n\n\n\n<p><strong>6. nap: 2026.08.24. h\u00e9tf\u0151<\/strong><\/p>\n\n\n\n<p>&nbsp;&nbsp;&nbsp;&nbsp;&nbsp;&nbsp;&nbsp;&nbsp;&nbsp; A g\u00e9p indul\u00e1s\u00e1nak megfelel\u0151en rep\u00fcl\u0151t\u00e9ri transzfer a sz\u00e1llod\u00e1b\u00f3l. Hazafel\u00e9 javasoljuk a  Wizz Air: 13:10 Budapest fel\u00e9 indul\u00f3 j\u00e1rat\u00e1t. (menetrendet a l\u00e9git\u00e1rsas\u00e1gnak jog\u00e1ban \u00e1ll megv\u00e1ltoztatni!)<\/p>\n\n\n\n<h1 class=\"wp-block-heading\"><strong>R\u00e9szv\u00e9teli d\u00edj: k\u00e9t \u00f6sszetev\u0151b\u0151l \u00e1ll: <\/strong><strong>&nbsp;&nbsp;<\/strong><\/h1>\n\n\n\n<h1 class=\"wp-block-heading has-text-align-center\"><strong>1. rep\u00fcl\u0151jegy + rept\u00e9ri ill.<\/strong><\/h1>\n\n\n\n<h1 class=\"wp-block-heading has-text-align-center\"><strong>2.&nbsp; a sv\u00e9dorsz\u00e1gi sz\u00e1ll\u00e1shelyek \u00e9s az utaz\u00e1si k\u00f6lts\u00e9gek: <\/strong><strong>390&nbsp;000 Ft<\/strong><strong><\/strong><\/h1>\n\n\n\n<p>J<strong>elentkez\u00e9s az utaz\u00e1sra a rep\u00fcl\u0151jegy \u00f6n\u00e1ll\u00f3 megv\u00e1s\u00e1rl\u00e1s\u00e1val, amiben sz\u00fcks\u00e9g eset\u00e9n seg\u00edts\u00e9get ny\u00fajtunk + a r\u00e9szv\u00e9teli d\u00edj 30 %-nak befizet\u00e9s\u00e9vel lehet.<\/strong><\/p>\n\n\n\n<p>K\u00e9rj\u00fck utasainkat, hogy ha egy\u00e9nileg veszik meg a rep\u00fcl\u0151jegyet az <strong>Arland\u00e1ra \u00e9rkez\u0151 g\u00e9pre foglaljanak helyet!<\/strong> Ahogy megvan a rep\u00fcl\u0151jegy k\u00e9rj\u00fck egy m\u00e1solatot juttassanak el az iroda emailc\u00edm\u00e9re!<\/p>\n\n\n\n<p><strong>A r\u00e9szv\u00e9teli d\u00edj tartalmazza:<\/strong> az 5 \u00e9jszakai sz\u00e1ll\u00e1st, reggelivel, a kisbuszos utaz\u00e1st \u00e9s a csoportk\u00eds\u00e9r\u00e9st<\/p>\n\n\n\n<p><strong>A r\u00e9szv\u00e9teli d\u00edj nem tartalmazza:<\/strong> a rep\u00fcl\u0151jegyet, melyet interneten tud megvenni (javasolt min\u00e9l el\u0151bb), a bel\u00e9p\u0151jegyeket \u00e9s a baleset-, betegs\u00e9g-, poggy\u00e1szbiztos\u00edt\u00e1st (660 Ft\/f\u0151\/nap, 70 \u00e9ves kor felett 100% fel\u00e1r)<\/p>\n\n\n\n<p><strong>\u00c1rainkat 430 Ft = 1 \u20ac \u00e9s\/vagy 40 Ft = 1 SEK \u00e1rfolyamig tudjuk garant\u00e1lni!<\/strong> <\/p>\n\n\n\n<p><strong>Fenntartjuk a jogot, hogy \u00e1rainkat a valuta\u00e1rfolyam \u00e9s \u00fczemanyag k\u00f6lts\u00e9g f\u00fcggv\u00e9ny\u00e9ben v\u00e1ltoztassuk\u2026 <\/strong>\ud83d\ude42<\/p>\n\n\n\n<p><strong>Jelentkez\u00e9s on-line: <a href=\"https:\/\/www.repulonapok.hu\">www.repulonapok.hu<\/a> <\/strong>vagy <a href=\"mailto:info@goforgo.hu\">info@goforgo.hu<\/a><strong><\/strong><\/p>\n","protected":false},"excerpt":{"rendered":"<p>MALMEN AIRBASE LINK\u00d6PING, SV\u00c9DORSZ\u00c1G Id\u0151pont&nbsp;&nbsp;&nbsp; :&nbsp; 2026.08.19-24. &nbsp; Poz. sz\u00e1m: 26\/RSV\/06 \u00a0Utaz\u00e1s: \u00a0 Budapest \u2013 Stockholm \u2013 Budapest rep\u00fcl\u0151g\u00e9ppel, Sv\u00e9dorsz\u00e1gban 9 f\u0151s kisbuszokkal Sz\u00e1ll\u00e1s, elhelyez\u00e9s : 2+1 \u00e9j Stockholm mellett, [&hellip;]<\/p>\n","protected":false},"author":1,"featured_media":0,"parent":0,"menu_order":0,"comment_status":"closed","ping_status":"closed","template":"","meta":{"footnotes":""},"_links":{"self":[{"href":"https:\/\/www.repulonapok.hu\/index.php?rest_route=\/wp\/v2\/pages\/3299"}],"collection":[{"href":"https:\/\/www.repulonapok.hu\/index.php?rest_route=\/wp\/v2\/pages"}],"about":[{"href":"https:\/\/www.repulonapok.hu\/index.php?rest_route=\/wp\/v2\/types\/page"}],"author":[{"embeddable":true,"href":"https:\/\/www.repulonapok.hu\/index.php?rest_route=\/wp\/v2\/users\/1"}],"replies":[{"embeddable":true,"href":"https:\/\/www.repulonapok.hu\/index.php?rest_route=%2Fwp%2Fv2%2Fcomments&post=3299"}],"version-history":[{"count":4,"href":"https:\/\/www.repulonapok.hu\/index.php?rest_route=\/wp\/v2\/pages\/3299\/revisions"}],"predecessor-version":[{"id":3336,"href":"https:\/\/www.repulonapok.hu\/index.php?rest_route=\/wp\/v2\/pages\/3299\/revisions\/3336"}],"wp:attachment":[{"href":"https:\/\/www.repulonapok.hu\/index.php?rest_route=%2Fwp%2Fv2%2Fmedia&parent=3299"}],"curies":[{"name":"wp","href":"https:\/\/api.w.org\/{rel}","templated":true}]}}