{"id":3150,"date":"2025-03-04T20:09:21","date_gmt":"2025-03-04T19:09:21","guid":{"rendered":"https:\/\/www.repulonapok.hu\/?page_id=3150"},"modified":"2026-03-26T20:08:56","modified_gmt":"2026-03-26T19:08:56","slug":"wolfschanze","status":"publish","type":"page","link":"https:\/\/www.repulonapok.hu\/?page_id=3150","title":{"rendered":"Wolfschanze &#8211; Hitler Kelet-Porosz f\u0151hadisz\u00e1ll\u00e1sa"},"content":{"rendered":"\n<p class=\"has-text-align-center has-large-font-size\">A III. Birodalom nyom\u00e1ban III. r\u00e9sz :<\/p>\n\n\n\n<p class=\"has-text-align-center has-medium-font-size\">Gleiwitzi R\u00e1di\u00f3, &#8222;Die Glocke&#8221;, Danzig &#8211; Westerplatte<\/p>\n\n\n<div class=\"wp-block-image\">\n<figure class=\"aligncenter size-large is-resized\"><a href=\"https:\/\/www.repulonapok.hu\/wp-content\/uploads\/2025\/03\/collage-Wolfschanze-1-scaled.jpg\"><img loading=\"lazy\" decoding=\"async\" width=\"1024\" height=\"768\" src=\"https:\/\/www.repulonapok.hu\/wp-content\/uploads\/2025\/03\/collage-Wolfschanze-1-1024x768.jpg\" alt=\"\" class=\"wp-image-3152\" style=\"width:707px;height:auto\" srcset=\"https:\/\/www.repulonapok.hu\/wp-content\/uploads\/2025\/03\/collage-Wolfschanze-1-1024x768.jpg 1024w, https:\/\/www.repulonapok.hu\/wp-content\/uploads\/2025\/03\/collage-Wolfschanze-1-300x225.jpg 300w, https:\/\/www.repulonapok.hu\/wp-content\/uploads\/2025\/03\/collage-Wolfschanze-1-768x576.jpg 768w, https:\/\/www.repulonapok.hu\/wp-content\/uploads\/2025\/03\/collage-Wolfschanze-1-1536x1152.jpg 1536w, https:\/\/www.repulonapok.hu\/wp-content\/uploads\/2025\/03\/collage-Wolfschanze-1-2048x1536.jpg 2048w\" sizes=\"(max-width: 1024px) 100vw, 1024px\" \/><\/a><\/figure><\/div>\n\n\n<figure class=\"wp-block-table\"><table><tbody><tr><td><strong>Id\u0151pont&nbsp;&nbsp;&nbsp; :&nbsp;<\/strong><\/td><td>2026.09.26-10.04.<\/td><td><strong>Id\u0151tartam:&nbsp;&nbsp;<\/strong><\/td><td>9 nap\/8 \u00e9jszaka<\/td><td><strong>&nbsp;<\/strong><\/td><\/tr><\/tbody><\/table><\/figure>\n\n\n\n<p class=\"has-text-align-center\"><strong><u>TERVEZETT&nbsp; PROGRAM:<\/u><\/strong><strong><\/strong><\/p>\n\n\n\n<p><strong>1. nap: <\/strong><strong>2026.09.26. &nbsp;&nbsp;&nbsp;&nbsp;&nbsp;&nbsp;&nbsp;&nbsp;&nbsp;&nbsp;&nbsp;&nbsp;&nbsp;&nbsp;&nbsp;&nbsp;&nbsp;&nbsp;&nbsp;&nbsp; <\/strong>Budapest \u2013 Katowice utaz\u00e1s &nbsp;&nbsp;&nbsp;&nbsp;&nbsp;&nbsp;&nbsp;&nbsp;&nbsp;&nbsp;&nbsp;&nbsp;&nbsp;&nbsp;&nbsp;&nbsp;&nbsp;&nbsp;&nbsp;&nbsp;&nbsp;&nbsp;&nbsp;&nbsp;&nbsp;&nbsp;&nbsp;&nbsp;&nbsp;&nbsp;&nbsp;&nbsp;&nbsp;&nbsp;&nbsp;&nbsp;&nbsp;&nbsp;&nbsp; (kb. 500 km)<\/p>\n\n\n\n<p><strong>2. nap: 2026.09.27.&nbsp;&nbsp;&nbsp;&nbsp;&nbsp;&nbsp;&nbsp;&nbsp;&nbsp;&nbsp;&nbsp;&nbsp;&nbsp;&nbsp;&nbsp;&nbsp;&nbsp;&nbsp;&nbsp;&nbsp; <\/strong>Katowice \u2013 Breslau (Wroclaw) &nbsp;&nbsp;&nbsp;&nbsp;&nbsp;&nbsp;&nbsp;&nbsp;&nbsp;&nbsp;&nbsp;&nbsp;&nbsp;&nbsp;&nbsp;&nbsp;&nbsp;&nbsp;&nbsp;&nbsp;&nbsp;&nbsp;&nbsp;&nbsp;&nbsp;&nbsp;&nbsp;&nbsp;&nbsp;&nbsp;&nbsp;&nbsp;&nbsp;&nbsp;&nbsp;&nbsp;&nbsp; (kb. 340 km)<\/p>\n\n\n\n<p>&#8211; Gleiwitzi r\u00e1di\u00f3\u00e1llom\u00e1s<\/p>\n\n\n\n<p>&#8211; \u201edie Glocke\u201d &#8211; Ludwikowice, a n\u00e9met antigravit\u00e1ci\u00f3s k\u00eds\u00e9rletek helysz\u00edne.<\/p>\n\n\n<div class=\"wp-block-image\">\n<figure class=\"aligncenter size-large is-resized\"><a href=\"https:\/\/www.repulonapok.hu\/wp-content\/uploads\/2025\/03\/die-Glocke.jpg\"><img loading=\"lazy\" decoding=\"async\" width=\"1024\" height=\"576\" src=\"https:\/\/www.repulonapok.hu\/wp-content\/uploads\/2025\/03\/die-Glocke-1024x576.jpg\" alt=\"\" class=\"wp-image-3153\" style=\"width:654px;height:auto\" srcset=\"https:\/\/www.repulonapok.hu\/wp-content\/uploads\/2025\/03\/die-Glocke-1024x576.jpg 1024w, https:\/\/www.repulonapok.hu\/wp-content\/uploads\/2025\/03\/die-Glocke-300x169.jpg 300w, https:\/\/www.repulonapok.hu\/wp-content\/uploads\/2025\/03\/die-Glocke-768x432.jpg 768w, https:\/\/www.repulonapok.hu\/wp-content\/uploads\/2025\/03\/die-Glocke.jpg 1280w\" sizes=\"(max-width: 1024px) 100vw, 1024px\" \/><\/a><\/figure><\/div>\n\n\n<p><strong>3. nap: 2026.09.28. <\/strong> &nbsp;&nbsp;&nbsp;&nbsp;&nbsp;&nbsp;&nbsp;&nbsp;&nbsp;&nbsp;&nbsp;&nbsp;&nbsp;&nbsp;&nbsp;&nbsp;&nbsp;&nbsp;&nbsp;&nbsp;&nbsp;&nbsp;&nbsp;&nbsp;&nbsp;&nbsp; Breslau \u2013 Danzig (Gdansk) utaz\u00e1s&nbsp;&nbsp;&nbsp;&nbsp;&nbsp;&nbsp;&nbsp;&nbsp;&nbsp;&nbsp;&nbsp;&nbsp;&nbsp;&nbsp;&nbsp;&nbsp;&nbsp;&nbsp;&nbsp;&nbsp;&nbsp;&nbsp;&nbsp;&nbsp;&nbsp;&nbsp;&nbsp;&nbsp;&nbsp;&nbsp;&nbsp;&nbsp;&nbsp; (kb. 500 km)<\/p>\n\n\n\n<p>d\u00e9lel\u0151tt r\u00f6vid s\u00e9ta Breslauban<\/p>\n\n\n<div class=\"wp-block-image\">\n<figure class=\"aligncenter size-large is-resized\"><a href=\"https:\/\/www.repulonapok.hu\/wp-content\/uploads\/2025\/03\/Breslau.jpg\"><img loading=\"lazy\" decoding=\"async\" width=\"1024\" height=\"588\" src=\"https:\/\/www.repulonapok.hu\/wp-content\/uploads\/2025\/03\/Breslau-1024x588.jpg\" alt=\"\" class=\"wp-image-3154\" style=\"width:663px;height:auto\" srcset=\"https:\/\/www.repulonapok.hu\/wp-content\/uploads\/2025\/03\/Breslau-1024x588.jpg 1024w, https:\/\/www.repulonapok.hu\/wp-content\/uploads\/2025\/03\/Breslau-300x172.jpg 300w, https:\/\/www.repulonapok.hu\/wp-content\/uploads\/2025\/03\/Breslau-768x441.jpg 768w, https:\/\/www.repulonapok.hu\/wp-content\/uploads\/2025\/03\/Breslau.jpg 1045w\" sizes=\"(max-width: 1024px) 100vw, 1024px\" \/><\/a><\/figure><\/div>\n\n\n<p><strong>4. nap: 2026.09.29. &nbsp;&nbsp;&nbsp;&nbsp;&nbsp;&nbsp;&nbsp;&nbsp;&nbsp;&nbsp;&nbsp;&nbsp;&nbsp;&nbsp;&nbsp;&nbsp;&nbsp;&nbsp;&nbsp;&nbsp;&nbsp;&nbsp;&nbsp;&nbsp;&nbsp;&nbsp;&nbsp; <\/strong>Danzig&nbsp;&nbsp;&nbsp;&nbsp;&nbsp;&nbsp;&nbsp;&nbsp;&nbsp;&nbsp;&nbsp;&nbsp;&nbsp;&nbsp;&nbsp;&nbsp;&nbsp;&nbsp;&nbsp;&nbsp;&nbsp;&nbsp;&nbsp;&nbsp;&nbsp;&nbsp;&nbsp;&nbsp;&nbsp;&nbsp;&nbsp;&nbsp;&nbsp;&nbsp;&nbsp;&nbsp;&nbsp;&nbsp;&nbsp;&nbsp;&nbsp;&nbsp;&nbsp;&nbsp;&nbsp;&nbsp;&nbsp;&nbsp;&nbsp;&nbsp;&nbsp;&nbsp;&nbsp;&nbsp;&nbsp;&nbsp;&nbsp;&nbsp;&nbsp;&nbsp;&nbsp;&nbsp;&nbsp;&nbsp;&nbsp;&nbsp;&nbsp;&nbsp;&nbsp;&nbsp;&nbsp;&nbsp;&nbsp; (kb. 20-30 km)<\/p>\n\n\n\n<p>&#8211; Westerplatte, ahol a II. VH elkezd\u0151d\u00f6tt<\/p>\n\n\n<div class=\"wp-block-image\">\n<figure class=\"aligncenter size-large is-resized\"><a href=\"https:\/\/www.repulonapok.hu\/wp-content\/uploads\/2025\/03\/Westerplatte-2.jpg\"><img loading=\"lazy\" decoding=\"async\" width=\"1024\" height=\"576\" src=\"https:\/\/www.repulonapok.hu\/wp-content\/uploads\/2025\/03\/Westerplatte-2-1024x576.jpg\" alt=\"\" class=\"wp-image-3155\" style=\"width:694px;height:auto\" srcset=\"https:\/\/www.repulonapok.hu\/wp-content\/uploads\/2025\/03\/Westerplatte-2-1024x576.jpg 1024w, https:\/\/www.repulonapok.hu\/wp-content\/uploads\/2025\/03\/Westerplatte-2-300x169.jpg 300w, https:\/\/www.repulonapok.hu\/wp-content\/uploads\/2025\/03\/Westerplatte-2-768x432.jpg 768w, https:\/\/www.repulonapok.hu\/wp-content\/uploads\/2025\/03\/Westerplatte-2.jpg 1280w\" sizes=\"(max-width: 1024px) 100vw, 1024px\" \/><\/a><\/figure><\/div>\n\n\n<p>v\u00e1rosn\u00e9z\u00e9s, szabadprogram<\/p>\n\n\n\n<p><strong>5. nap: 2026.09.30. &nbsp;&nbsp;&nbsp;&nbsp;&nbsp;&nbsp;&nbsp;&nbsp;&nbsp;&nbsp;&nbsp;&nbsp;&nbsp;&nbsp;&nbsp;&nbsp;&nbsp;&nbsp;&nbsp;&nbsp;&nbsp;&nbsp;&nbsp;&nbsp; <\/strong>Danzig \u2013 Gyzicko &nbsp;&nbsp;&nbsp;&nbsp;&nbsp;&nbsp;&nbsp;&nbsp;&nbsp;&nbsp;&nbsp;&nbsp;&nbsp;&nbsp;&nbsp;&nbsp;&nbsp;&nbsp;&nbsp;&nbsp;&nbsp;&nbsp;&nbsp;&nbsp;&nbsp;&nbsp;&nbsp;&nbsp;&nbsp;&nbsp;&nbsp;&nbsp;&nbsp;&nbsp;&nbsp;&nbsp;&nbsp;&nbsp;&nbsp;&nbsp;&nbsp;&nbsp;&nbsp;&nbsp;&nbsp;&nbsp;&nbsp;&nbsp;&nbsp;&nbsp;&nbsp;&nbsp;&nbsp;&nbsp;&nbsp;&nbsp; (kb.300 km)<\/p>\n\n\n\n<p>&#8211; Marienburg (Malbork) v\u00e1ra, Eur\u00f3pa legnagyobb \u00e9pen maradt lovagv\u00e1ra (Teuton rend)<\/p>\n\n\n<div class=\"wp-block-image\">\n<figure class=\"aligncenter size-large is-resized\"><a href=\"https:\/\/www.repulonapok.hu\/wp-content\/uploads\/2025\/03\/Panorama_of_Malbork_Castle-scaled.jpg\"><img loading=\"lazy\" decoding=\"async\" width=\"1024\" height=\"318\" src=\"https:\/\/www.repulonapok.hu\/wp-content\/uploads\/2025\/03\/Panorama_of_Malbork_Castle-1024x318.jpg\" alt=\"\" class=\"wp-image-3157\" style=\"width:689px;height:auto\" srcset=\"https:\/\/www.repulonapok.hu\/wp-content\/uploads\/2025\/03\/Panorama_of_Malbork_Castle-1024x318.jpg 1024w, https:\/\/www.repulonapok.hu\/wp-content\/uploads\/2025\/03\/Panorama_of_Malbork_Castle-300x93.jpg 300w, https:\/\/www.repulonapok.hu\/wp-content\/uploads\/2025\/03\/Panorama_of_Malbork_Castle-768x239.jpg 768w, https:\/\/www.repulonapok.hu\/wp-content\/uploads\/2025\/03\/Panorama_of_Malbork_Castle-1536x477.jpg 1536w, https:\/\/www.repulonapok.hu\/wp-content\/uploads\/2025\/03\/Panorama_of_Malbork_Castle-2048x636.jpg 2048w\" sizes=\"(max-width: 1024px) 100vw, 1024px\" \/><\/a><\/figure><\/div>\n\n\n<p>&#8211; Wolfschanze, Ketrzyn. Hitler Kelet-Poroszorsz\u00e1gi f\u0151hadisz\u00e1ll\u00e1sa.<\/p>\n\n\n<div class=\"wp-block-image\">\n<figure class=\"aligncenter size-full is-resized\"><a href=\"https:\/\/www.repulonapok.hu\/wp-content\/uploads\/2025\/03\/Wolfschanze.jpg\"><img loading=\"lazy\" decoding=\"async\" width=\"669\" height=\"446\" src=\"https:\/\/www.repulonapok.hu\/wp-content\/uploads\/2025\/03\/Wolfschanze.jpg\" alt=\"\" class=\"wp-image-3156\" style=\"width:665px;height:auto\" srcset=\"https:\/\/www.repulonapok.hu\/wp-content\/uploads\/2025\/03\/Wolfschanze.jpg 669w, https:\/\/www.repulonapok.hu\/wp-content\/uploads\/2025\/03\/Wolfschanze-300x200.jpg 300w\" sizes=\"(max-width: 669px) 100vw, 669px\" \/><\/a><\/figure><\/div>\n\n\n<p><strong>6. nap: 2026.10.01. <\/strong>&nbsp;&nbsp;&nbsp;&nbsp;&nbsp;&nbsp;&nbsp;&nbsp;&nbsp;&nbsp;&nbsp;&nbsp;&nbsp;&nbsp;&nbsp;&nbsp;&nbsp;&nbsp;&nbsp;&nbsp; Gyzicko \u2013 Vars\u00f3 &nbsp;&nbsp;&nbsp;&nbsp;&nbsp;&nbsp;&nbsp;&nbsp;&nbsp;&nbsp;&nbsp;&nbsp;&nbsp;&nbsp;&nbsp;&nbsp;&nbsp;&nbsp;&nbsp;&nbsp;&nbsp;&nbsp;&nbsp;&nbsp;&nbsp;&nbsp;&nbsp;&nbsp;&nbsp;&nbsp;&nbsp;&nbsp;&nbsp;&nbsp;&nbsp;&nbsp;&nbsp;&nbsp;&nbsp;&nbsp;&nbsp;&nbsp;&nbsp;&nbsp;&nbsp;&nbsp;&nbsp;&nbsp;&nbsp;&nbsp;&nbsp;&nbsp;&nbsp;&nbsp;&nbsp;&nbsp;&nbsp;&nbsp; (kb.280 km)<\/p>\n\n\n\n<p>&#8211; Lengyel Hadt\u00f6rt\u00e9neti M\u00fazeum, Vars\u00f3<\/p>\n\n\n<div class=\"wp-block-image\">\n<figure class=\"aligncenter size-large is-resized\"><a href=\"https:\/\/www.repulonapok.hu\/wp-content\/uploads\/2025\/03\/Varso.jpg\"><img loading=\"lazy\" decoding=\"async\" width=\"1024\" height=\"576\" src=\"https:\/\/www.repulonapok.hu\/wp-content\/uploads\/2025\/03\/Varso-1024x576.jpg\" alt=\"\" class=\"wp-image-3158\" style=\"width:618px;height:auto\" srcset=\"https:\/\/www.repulonapok.hu\/wp-content\/uploads\/2025\/03\/Varso-1024x576.jpg 1024w, https:\/\/www.repulonapok.hu\/wp-content\/uploads\/2025\/03\/Varso-300x169.jpg 300w, https:\/\/www.repulonapok.hu\/wp-content\/uploads\/2025\/03\/Varso-768x432.jpg 768w, https:\/\/www.repulonapok.hu\/wp-content\/uploads\/2025\/03\/Varso-1536x864.jpg 1536w, https:\/\/www.repulonapok.hu\/wp-content\/uploads\/2025\/03\/Varso-2048x1152.jpg 2048w\" sizes=\"(max-width: 1024px) 100vw, 1024px\" \/><\/a><\/figure><\/div>\n\n\n<p>&#8211; Esti s\u00e9ta Vars\u00f3ban<\/p>\n\n\n\n<p><strong>7. nap: 2026.10.02. <\/strong>&nbsp;&nbsp;&nbsp;&nbsp;&nbsp;&nbsp;&nbsp;&nbsp;&nbsp;&nbsp;&nbsp;&nbsp;&nbsp;&nbsp;&nbsp;&nbsp;&nbsp;&nbsp;&nbsp;&nbsp;&nbsp;&nbsp;&nbsp;&nbsp; Vars\u00f3 \u2013 Deblin \u2013 Przemysl&nbsp;&nbsp;&nbsp;&nbsp;&nbsp;&nbsp;&nbsp;&nbsp;&nbsp;&nbsp;&nbsp;&nbsp;&nbsp;&nbsp;&nbsp;&nbsp;&nbsp;&nbsp;&nbsp;&nbsp;&nbsp;&nbsp;&nbsp;&nbsp;&nbsp;&nbsp;&nbsp;&nbsp;&nbsp;&nbsp;&nbsp;&nbsp;&nbsp;&nbsp;&nbsp;&nbsp;&nbsp;&nbsp;&nbsp;&nbsp;&nbsp;&nbsp;&nbsp;&nbsp; (kb. 450 km)<\/p>\n\n\n\n<p>&#8211; Deblin, Polish Airforce Museum<\/p>\n\n\n<div class=\"wp-block-image\">\n<figure class=\"aligncenter size-large is-resized\"><a href=\"https:\/\/www.repulonapok.hu\/wp-content\/uploads\/2025\/03\/deblin_facebook-scaled.jpg\"><img loading=\"lazy\" decoding=\"async\" width=\"1024\" height=\"536\" src=\"https:\/\/www.repulonapok.hu\/wp-content\/uploads\/2025\/03\/deblin_facebook-1024x536.jpg\" alt=\"\" class=\"wp-image-3159\" style=\"width:711px;height:auto\" srcset=\"https:\/\/www.repulonapok.hu\/wp-content\/uploads\/2025\/03\/deblin_facebook-1024x536.jpg 1024w, https:\/\/www.repulonapok.hu\/wp-content\/uploads\/2025\/03\/deblin_facebook-300x157.jpg 300w, https:\/\/www.repulonapok.hu\/wp-content\/uploads\/2025\/03\/deblin_facebook-768x402.jpg 768w, https:\/\/www.repulonapok.hu\/wp-content\/uploads\/2025\/03\/deblin_facebook-1536x804.jpg 1536w, https:\/\/www.repulonapok.hu\/wp-content\/uploads\/2025\/03\/deblin_facebook-2048x1072.jpg 2048w\" sizes=\"(max-width: 1024px) 100vw, 1024px\" \/><\/a><\/figure><\/div>\n\n\n<p><strong>8. nap: 2026.10.03. <\/strong>&nbsp;&nbsp;&nbsp;&nbsp;&nbsp;&nbsp;&nbsp;&nbsp;&nbsp;&nbsp;&nbsp;&nbsp;&nbsp;&nbsp;&nbsp;&nbsp;&nbsp;&nbsp;&nbsp;&nbsp;&nbsp;&nbsp; Przemysl<\/p>\n\n\n\n<p>&#8211; eg\u00e9sznap az I. VH Galiciai front er\u0151drendszereinek, eml\u00e9k helyeinek megtekint\u00e9se&nbsp;&nbsp;&nbsp;&nbsp;&nbsp;&nbsp;&nbsp;&nbsp;&nbsp;&nbsp;&nbsp;&nbsp;&nbsp;&nbsp;&nbsp;&nbsp; (kb. 20-30 km)<\/p>\n\n\n<div class=\"wp-block-image\">\n<figure class=\"aligncenter size-full\"><a href=\"https:\/\/www.repulonapok.hu\/wp-content\/uploads\/2025\/03\/Przemysl.jpg\"><img loading=\"lazy\" decoding=\"async\" width=\"686\" height=\"386\" src=\"https:\/\/www.repulonapok.hu\/wp-content\/uploads\/2025\/03\/Przemysl.jpg\" alt=\"\" class=\"wp-image-3160\" srcset=\"https:\/\/www.repulonapok.hu\/wp-content\/uploads\/2025\/03\/Przemysl.jpg 686w, https:\/\/www.repulonapok.hu\/wp-content\/uploads\/2025\/03\/Przemysl-300x169.jpg 300w\" sizes=\"(max-width: 686px) 100vw, 686px\" \/><\/a><\/figure><\/div>\n\n\n<p><strong>9. nap: 2026.10.04. &nbsp;&nbsp;&nbsp;&nbsp;&nbsp;&nbsp;&nbsp;&nbsp;&nbsp;&nbsp;&nbsp;&nbsp;&nbsp;&nbsp;&nbsp;&nbsp;&nbsp;&nbsp;&nbsp;&nbsp; <\/strong>Przemysl \u2013 Budapest &nbsp;&nbsp;&nbsp;&nbsp;&nbsp;&nbsp;&nbsp;&nbsp;&nbsp;&nbsp;&nbsp;&nbsp;&nbsp;&nbsp;&nbsp;&nbsp;&nbsp;&nbsp;&nbsp;&nbsp;&nbsp;&nbsp;&nbsp;&nbsp;&nbsp;&nbsp;&nbsp;&nbsp;&nbsp;&nbsp;&nbsp;&nbsp;&nbsp;&nbsp;&nbsp;&nbsp;&nbsp;&nbsp;&nbsp;&nbsp;&nbsp;&nbsp;&nbsp;&nbsp;&nbsp;&nbsp;&nbsp;&nbsp;&nbsp;&nbsp;&nbsp;&nbsp; (kb. 500 km)<\/p>\n\n\n\n<p>&#8211; hosszabb pihen\u0151 a Duklai- h\u00e1g\u00f3n<\/p>\n\n\n\n<p class=\"has-text-align-center has-large-font-size\"><strong>R\u00e9szv\u00e9teli d\u00edj:  410 000 Ft<\/strong><\/p>\n\n\n\n<p><strong>A r\u00e9szv\u00e9teli d\u00edj tartalmazza az utaz\u00e1st, a 8 \u00e9jszaka sz\u00e1ll\u00e1st, reggelit<\/strong><\/p>\n\n\n\n<p><strong>A r\u00e9szv\u00e9teli d\u00edj nem tartalmazza a bel\u00e9p\u0151jegyeket, a BBP biztos\u00edt\u00e1st \u00e9s a t\u00f6bbi \u00e9tkez\u00e9st<\/strong><\/p>\n","protected":false},"excerpt":{"rendered":"<p>A III. Birodalom nyom\u00e1ban III. r\u00e9sz : Gleiwitzi R\u00e1di\u00f3, &#8222;Die Glocke&#8221;, Danzig &#8211; Westerplatte Id\u0151pont&nbsp;&nbsp;&nbsp; :&nbsp; 2026.09.26-10.04. Id\u0151tartam:&nbsp;&nbsp; 9 nap\/8 \u00e9jszaka &nbsp; TERVEZETT&nbsp; PROGRAM: 1. nap: 2026.09.26. &nbsp;&nbsp;&nbsp;&nbsp;&nbsp;&nbsp;&nbsp;&nbsp;&nbsp;&nbsp;&nbsp;&nbsp;&nbsp;&nbsp;&nbsp;&nbsp;&nbsp;&nbsp;&nbsp;&nbsp; Budapest \u2013 [&hellip;]<\/p>\n","protected":false},"author":1,"featured_media":0,"parent":0,"menu_order":0,"comment_status":"closed","ping_status":"closed","template":"","meta":{"footnotes":""},"_links":{"self":[{"href":"https:\/\/www.repulonapok.hu\/index.php?rest_route=\/wp\/v2\/pages\/3150"}],"collection":[{"href":"https:\/\/www.repulonapok.hu\/index.php?rest_route=\/wp\/v2\/pages"}],"about":[{"href":"https:\/\/www.repulonapok.hu\/index.php?rest_route=\/wp\/v2\/types\/page"}],"author":[{"embeddable":true,"href":"https:\/\/www.repulonapok.hu\/index.php?rest_route=\/wp\/v2\/users\/1"}],"replies":[{"embeddable":true,"href":"https:\/\/www.repulonapok.hu\/index.php?rest_route=%2Fwp%2Fv2%2Fcomments&post=3150"}],"version-history":[{"count":7,"href":"https:\/\/www.repulonapok.hu\/index.php?rest_route=\/wp\/v2\/pages\/3150\/revisions"}],"predecessor-version":[{"id":3348,"href":"https:\/\/www.repulonapok.hu\/index.php?rest_route=\/wp\/v2\/pages\/3150\/revisions\/3348"}],"wp:attachment":[{"href":"https:\/\/www.repulonapok.hu\/index.php?rest_route=%2Fwp%2Fv2%2Fmedia&parent=3150"}],"curies":[{"name":"wp","href":"https:\/\/api.w.org\/{rel}","templated":true}]}}